{"id":313,"date":"2020-01-15T15:06:41","date_gmt":"2020-01-15T15:06:41","guid":{"rendered":"https:\/\/www.conwastepr.com\/?page_id=313"},"modified":"2025-10-30T17:16:27","modified_gmt":"2025-10-30T17:16:27","slug":"conwaste-al-dia","status":"publish","type":"page","link":"https:\/\/www.conwastepr.com\/es\/conwaste-al-dia\/","title":{"rendered":"Conwaste al dia"},"content":{"rendered":"\n<div class=\"wp-block-cover aligncenter is-light\" style=\"min-height:280px;aspect-ratio:unset;\"><img loading=\"lazy\" decoding=\"async\" width=\"1001\" height=\"667\" class=\"wp-block-cover__image-background wp-image-662\" alt=\"\" src=\"https:\/\/www.conwastepr.com\/wp-content\/uploads\/2020\/02\/al_dia.png\" style=\"object-position:49% 65%\" data-object-fit=\"cover\" data-object-position=\"49% 65%\" srcset=\"https:\/\/www.conwastepr.com\/wp-content\/uploads\/2020\/02\/al_dia.png 1001w, https:\/\/www.conwastepr.com\/wp-content\/uploads\/2020\/02\/al_dia-300x200.png 300w, https:\/\/www.conwastepr.com\/wp-content\/uploads\/2020\/02\/al_dia-768x512.png 768w, https:\/\/www.conwastepr.com\/wp-content\/uploads\/2020\/02\/al_dia-693x462.png 693w, https:\/\/www.conwastepr.com\/wp-content\/uploads\/2020\/02\/al_dia-600x400.png 600w\" sizes=\"auto, (max-width: 1001px) 100vw, 1001px\" \/><span aria-hidden=\"true\" class=\"wp-block-cover__background has-background-dim\"><\/span><div class=\"wp-block-cover__inner-container is-layout-flow wp-block-cover-is-layout-flow\">\n<div class=\"wp-block-uagb-advanced-heading uagb-block-a3ded676\"><h2 class=\"uagb-heading-text\"><span class=\"uppercase\">CONWASTE AL D\u00edA<\/span><\/h2><\/div>\n\n\n\n<p class=\"has-text-align-center\" style=\"font-size:60px\"><\/p>\n<\/div><\/div>\n\n\n\n\t\t<div class=\"container eb_block_container\">\n\t\t\t<div id=\"eb_container_Wlp5dh1xOdd2YdELk9Td\" class=\"\">\n\t\t\t\t\n\n<p><\/p>\n\n\t\t\t<\/div>\n\t\t<\/div>\n\n\t\t<style>\n\t\t\t\n\t\t\t#eb_container_Wlp5dh1xOdd2YdELk9Td {\n\t\t\t\tpadding-top: 80px;\n\t\t\t\tpadding-bottom: 40px;\n\t\t\t\tpadding-left: 0px;\n\t\t\t\tpadding-right: 0px;\n\t\t\t}\n\n\t\t\t@media (min-width: 768px) and (max-width: 1024px) {\n  \n\t\t\t \t#eb_container_Wlp5dh1xOdd2YdELk9Td {\n\t\t\t\t\tpadding-top: 30px;\n\t\t\t\t\tpadding-bottom: 0px;\n\t\t\t\t\tpadding-left: 0px;\n\t\t\t\t\tpadding-right: 0px;\n\t\t\t\t}\n\t\t\t  \n\t\t\t}\n\n\t\t\t@media (min-width: 320px) and (max-width: 767px) {\n  \n\t\t\t\t#eb_container_Wlp5dh1xOdd2YdELk9Td {\n\t\t\t\t\tpadding-top: 20px;\n\t\t\t\t\tpadding-bottom: 0px;\n\t\t\t\t\tpadding-left: 0px;\n\t\t\t\t\tpadding-right: 0px;\n\t\t\t\t}\n\t\t\t  \n\t\t\t}\n\n\t\t<\/style>\n\n\t\t\n\n\n<div class=\"wp-block-uagb-advanced-heading uagb-block-ebdd7434\"><h2 class=\"uagb-heading-text\">Noticias<\/h2><div class=\"uagb-separator\"><\/div><\/div>\n\n\n<div class=\"vlp-link-container vlp-layout-basic wp-block-visual-link-preview-link\"><a href=\"https:\/\/wapa.tv\/noticias\/locales\/disposici-n-de-escombros-uno-de-los-errores-m-s-comunes-cuando-se-acerca-un\/article_a8de9261-2b88-40ab-b69c-dab43c8735b4.html\" class=\"vlp-link\" title=\"Disposici\u00f3n de escombros: uno de los errores m\u00e1s comunes cuando se acerca un fen\u00f3meno atmosf\u00e9rico\" rel=\"nofollow\" target=\"_blank\"><\/a><div class=\"vlp-layout-zone-side\"><div class=\"vlp-block-2 vlp-link-image\"><img decoding=\"async\" src=\"https:\/\/bloximages.newyork1.vip.townnews.com\/wapa.tv\/content\/tncms\/assets\/v3\/editorial\/4\/e3\/4e376de4-4d7a-5645-be07-dfba3cad9394\/68e33076a8af1.image.jpg?crop=1920%2C1008%2C0%2C35&amp;resize=1200%2C630&amp;order=crop%2Cresize\" style=\"max-width: 150px; max-height: 150px\" \/><\/div><\/div><div class=\"vlp-layout-zone-main\"><div class=\"vlp-block-0 vlp-link-title\">Disposici\u00f3n de escombros: uno de los errores m\u00e1s comunes cuando se acerca un fen\u00f3meno atmosf\u00e9rico<\/div><div class=\"vlp-block-1 vlp-link-summary\">Para la industria del recogido y disposici\u00f3n de basura, el hurac\u00e1n Mar\u00eda fue una gran lecci\u00f3n.<\/div><\/div><\/div>\n\n<div class=\"vlp-link-container vlp-layout-basic wp-block-visual-link-preview-link\"><a href=\"https:\/\/www.elnuevodia.com\/suplementos\/empresas-en-escena\/notas\/conwaste-la-fuerza-invisible-que-mantiene-limpio-al-pais-y-transforma-vidas\/\" class=\"vlp-link\" title=\"ConWaste: la fuerza invisible que mantiene limpio al pa\u00eds y transforma vidas\" rel=\"nofollow\" target=\"_blank\"><\/a><div class=\"vlp-layout-zone-side\"><div class=\"vlp-block-2 vlp-link-image\"><img decoding=\"async\" src=\"https:\/\/www.elnuevodia.com\/resizer\/v2\/LGHZNMGXNVCPRGI5ATQ7BE456U.jpg?auth=6f1582d203353660ebfc974acc49ab155babb56662ba1da035fffff6d6023e59&amp;quality=75&amp;width=1200&amp;height=717&amp;focal=2791%2C1001\" style=\"max-width: 150px; max-height: 150px\" \/><\/div><\/div><div class=\"vlp-layout-zone-main\"><div class=\"vlp-block-0 vlp-link-title\">ConWaste: la fuerza invisible que mantiene limpio al pa\u00eds y transforma vidas<\/div><div class=\"vlp-block-1 vlp-link-summary\">La empresa puertorrique\u00f1a, que comenz\u00f3 con 20 empleados, domina, tres d\u00e9cadas despu\u00e9s, la industria del manejo de desperdicios s\u00f3lidos en Puerto Rico<\/div><\/div><\/div>\n\n<div class=\"vlp-link-container vlp-layout-basic wp-block-visual-link-preview-link\"><a href=\"https:\/\/www.elnuevodia.com\/suplementos\/huracanes\/notas\/conwaste-reafirma-su-liderazgo-y-preparacion-en-el-pico-de-la-temporada-de-huracanes\/\" class=\"vlp-link\" title=\"ConWaste reafirma su liderazgo y preparaci\u00f3n en el pico de la temporada de huracanes\" rel=\"nofollow\" target=\"_blank\"><\/a><div class=\"vlp-layout-zone-side\"><div class=\"vlp-block-2 vlp-link-image\"><img decoding=\"async\" src=\"https:\/\/www.elnuevodia.com\/resizer\/v2\/YSAQ66SX3NBXRPT3HVFWVH52JI.jpeg?auth=ef4ccbf29c34bec20afde28047a3effd0550b626dabdb41a8c6a09a8b8297738&amp;quality=75&amp;width=1200&amp;height=717&amp;focal=800%2C764\" style=\"max-width: 150px; max-height: 150px\" \/><\/div><\/div><div class=\"vlp-layout-zone-main\"><div class=\"vlp-block-0 vlp-link-title\">ConWaste reafirma su liderazgo y preparaci\u00f3n en el pico de la temporada de huracanes<\/div><div class=\"vlp-block-1 vlp-link-summary\">\u201cEstamos listos para atender a nuestros clientes y a Puerto Rico en esta temporada de huracanes\u201d, Carlos Contreras, CEO<\/div><\/div><\/div>\n\n<div class=\"vlp-link-container vlp-layout-basic wp-block-visual-link-preview-link\"><a href=\"https:\/\/www.waste360.com\/waste-collection-transfer\/conwaste-reaffirms-its-leadership-and-preparedness-at-the-peak-of-hurricane-season\" class=\"vlp-link\" title=\"ConWaste Reaffirms Its Leadership and Preparedness\" rel=\"nofollow\" target=\"_blank\"><\/a><div class=\"vlp-layout-zone-side\"><div class=\"vlp-block-2 vlp-link-image\"><img decoding=\"async\" src=\"https:\/\/eu-images.contentstack.com\/v3\/assets\/blt4a147f9e36f0754a\/blt917fdc38e79eba2e\/68cc5af3a24228b6531e9b61\/conwaste_1540.jpg?disable=upscale&amp;width=1200&amp;height=630&amp;fit=crop\" style=\"max-width: 150px; max-height: 150px\" \/><\/div><\/div><div class=\"vlp-layout-zone-main\"><div class=\"vlp-block-0 vlp-link-title\">ConWaste Reaffirms Its Leadership and Preparedness<\/div><div class=\"vlp-block-1 vlp-link-summary\">ConWaste has solidified its position as the leading solid waste management company in Puerto Rico.<\/div><\/div><\/div>\n\n<div class=\"vlp-link-container vlp-layout-basic wp-block-visual-link-preview-link\"><a href=\"https:\/\/www.elnuevodia.com\/ciencia-ambiente\/otros\/notas\/miles-de-voluntarios-limpian-164-costas-de-puerto-rico-en-el-octavo-aniversario-del-huracan-maria\/\" class=\"vlp-link\" title=\"Miles de voluntarios limpian 164 costas de Puerto Rico en el octavo aniversario del hurac\u00e1n Mar\u00eda\" rel=\"nofollow\" target=\"_blank\"><\/a><div class=\"vlp-layout-zone-side\"><div class=\"vlp-block-2 vlp-link-image\"><img decoding=\"async\" src=\"https:\/\/www.elnuevodia.com\/resizer\/v2\/NNO5TJSOSVEPPLO7NEB3Y5EFEE.jpeg?auth=b87caefd261ddb994e377603bc281ad3394da06b6333b99ee949464996ef313c&amp;quality=75&amp;width=1200&amp;height=717&amp;focal=711%2C1520\" style=\"max-width: 150px; max-height: 150px\" \/><\/div><\/div><div class=\"vlp-layout-zone-main\"><div class=\"vlp-block-0 vlp-link-title\">Miles de voluntarios limpian 164 costas de Puerto Rico en el octavo aniversario del hurac\u00e1n Mar\u00eda<\/div><div class=\"vlp-block-1 vlp-link-summary\">Hasta el mediod\u00eda, organizadores del evento estimaron que se hab\u00edan recogido sobre 3 millones de art\u00edculos<\/div><\/div><\/div>\n\n<div class=\"vlp-link-container vlp-layout-basic wp-block-visual-link-preview-link\"><a href=\"https:\/\/periodicovision.com\/espera-extender-la-vida-del-sistema-de-relleno-sanitario-de-mayaguez\/?fbclid=IwY2xjawM9AJhleHRuA2FlbQIxMQABHrfr3xQOMxPs0r_1_uzuBaLsdvAUh8q1IZ9ZP_WfcbKKlC25dKEzkO0qtOnU_aem_Zjy7xK5HiMj-fO53MBX_JA\" class=\"vlp-link\" title=\"Espera extender la vida del sistema de relleno sanitario de Mayag\u00fcez\" rel=\"nofollow\" target=\"_blank\"><\/a><div class=\"vlp-layout-zone-side\"><div class=\"vlp-block-2 vlp-link-image\"><img decoding=\"async\" src=\"https:\/\/periodicovision.com\/wp-content\/uploads\/2025\/09\/IMG_4454.jpg\" style=\"max-width: 150px; max-height: 150px\" \/><\/div><\/div><div class=\"vlp-layout-zone-main\"><div class=\"vlp-block-0 vlp-link-title\">Espera extender la vida del sistema de relleno sanitario de Mayag\u00fcez<\/div><div class=\"vlp-block-1 vlp-link-summary\">Por Ang\u00e9lica Soto R\u00edos. A pesar de que a la celda del sistema de relleno sanitario de Mayag\u00fcez a\u00fan le quedan entre cuatro y cinco a\u00f1os para llegar a su<\/div><\/div><\/div>\n\n<div class=\"vlp-link-container vlp-layout-basic wp-block-visual-link-preview-link\"><a href=\"https:\/\/www.waste360.com\/waste-recycling\/waste360-s-top-40-in-waste-and-recycling-based-on-2023-revenue\" class=\"vlp-link\" title=\"ConWaste ocupa la posici\u00f3n #21 en el &quot;Top 40 companies in Waste and Recycling 2024&quot;\" rel=\"nofollow\" target=\"_blank\"><\/a><div class=\"vlp-layout-zone-side\"><div class=\"vlp-block-2 vlp-link-image\"><img decoding=\"async\" src=\"https:\/\/eu-images.contentstack.com\/v3\/assets\/blt4a147f9e36f0754a\/bltfebd1d1618dc7607\/66aa2ecc6ea8c56764c94fdb\/WASTE360_S_ANNUAL_TOP_40_IN_WASTE_AND_RECYCLING.png?disable=upscale&amp;width=1200&amp;height=630&amp;fit=crop\" style=\"max-width: 150px; max-height: 150px\" \/><\/div><\/div><div class=\"vlp-layout-zone-main\"><div class=\"vlp-block-0 vlp-link-title\">ConWaste ocupa la posici\u00f3n #21 en el \u00abTop 40 companies in Waste and Recycling 2024\u00bb<\/div><div class=\"vlp-block-1 vlp-link-summary\">While merger and acquisition activity has slowed in 2023 from 2022, spending reached nearly $4.2 billion last year. As the waste and recycling industry continues to evolve, Waste360 is pleased to announce the Top 40 companies in North America.<\/div><\/div><\/div>\n\n<div class=\"vlp-link-container vlp-layout-basic wp-block-visual-link-preview-link\"><a href=\"https:\/\/www.elnuevodia.com\/suplementos\/mejores-patronos\/notas\/apuesta-a-la-relacion-directa-de-la-gerencia-con-los-empleados\/\" class=\"vlp-link\" title=\"Apuesta a la relaci\u00f3n directa de la gerencia con los empleados\" rel=\"nofollow\" target=\"_blank\"><\/a><div class=\"vlp-layout-zone-side\"><div class=\"vlp-block-2 vlp-link-image\"><img decoding=\"async\" src=\"https:\/\/www.elnuevodia.com\/resizer\/TqK9oOLgK5r7woy72OVSm1JnTdg=\/1200x717\/filters:quality(75):format(jpeg):focal(3067x1611:3077x1601)\/cloudfront-us-east-1.images.arcpublishing.com\/gfrmedia\/CD7H757KJJE27EOQDHHXY35GYQ.jpg\" style=\"max-width: 150px; max-height: 150px\" \/><\/div><\/div><div class=\"vlp-layout-zone-main\"><div class=\"vlp-block-0 vlp-link-title\">Apuesta a la relaci\u00f3n directa de la gerencia con los empleados<\/div><div class=\"vlp-block-1 vlp-link-summary\">ConWaste implementa incentivos por asistencia perfecta y productividad como herramienta de retenci\u00f3n<\/div><\/div><\/div>\n\n<div class=\"vlp-link-container vlp-layout-basic wp-block-visual-link-preview-link\"><a href=\"https:\/\/www.elnuevodia.com\/suplementos\/mejores-patronos\/notas\/compania-de-manejo-de-desperdicios-solidos-recibe-importante-distincion\/\" class=\"vlp-link\" title=\"Compa\u00f1\u00eda de manejo de desperdicios s\u00f3lidos recibe importante distinci\u00f3n\" rel=\"nofollow\" target=\"_blank\"><\/a><div class=\"vlp-layout-zone-side\"><div class=\"vlp-block-2 vlp-link-image\"><img decoding=\"async\" src=\"https:\/\/www.elnuevodia.com\/resizer\/NdC4P_4Gvgduyz6rjnAGsVJ2K9A=\/1200x717\/filters:quality(75):format(jpeg):focal(3674x1403:3684x1393)\/cloudfront-us-east-1.images.arcpublishing.com\/gfrmedia\/RNWJJGDINBFDTLOIRRGDYKBB5Q.jpg\" style=\"max-width: 150px; max-height: 150px\" \/><\/div><\/div><div class=\"vlp-layout-zone-main\"><div class=\"vlp-block-0 vlp-link-title\">Compa\u00f1\u00eda de manejo de desperdicios s\u00f3lidos recibe importante distinci\u00f3n<\/div><div class=\"vlp-block-1 vlp-link-summary\">La nominaci\u00f3n a los Mejores Patronos valida las ejecutorias y el impacto crucial de los servicios de ConWaste<\/div><\/div><\/div>\n\n<div class=\"vlp-link-container vlp-layout-basic wp-block-visual-link-preview-link\"><a href=\"https:\/\/www.wapa.tv\/programas\/cuartopoder\/-a-donde-va-el-reciclaje--_20131122517450.html?fbclid=IwAR3ByBCJeHlWhmKpCQ3pQYuPZRE1U-iE_2xwOnqF9cEB4ULTWDrMSmpOR6s\" class=\"vlp-link\" title=\"\u00bfA d\u00f3nde va el reciclaje?\" rel=\"nofollow\" target=\"_blank\"><\/a><div class=\"vlp-layout-zone-side\"><div class=\"vlp-block-2 vlp-link-image\"><img decoding=\"async\" src=\"https:\/\/d1cd2t8ij9653t.cloudfront.net\/eyJidWNrZXQiOiJ3YXBhdHYtaW1hZ2VzIiwia2V5IjoiYXJ0aWNsZXMvMjAyMTEwMjAxMTU2MTMwLmJsb2IuYmxvYiIsImVkaXRzIjp7InJlc2l6ZSI6eyJ3aWR0aCI6MTIwMCwiaGVpZ2h0Ijo2MzAsImZpdCI6ImNvdmVyIn19fQ==\" style=\"max-width: 150px; max-height: 150px\" \/><\/div><\/div><div class=\"vlp-layout-zone-main\"><div class=\"vlp-block-0 vlp-link-title\">\u00bfA d\u00f3nde va el reciclaje?<\/div><div class=\"vlp-block-1 vlp-link-summary\">Cuarto Poder investig\u00f3 si realmente los residuos s\u00f3lidos reciclables llegan a donde se supone que sean procesados en Puerto Rico.<\/div><\/div><\/div>\n\n<div class=\"vlp-link-container vlp-layout-basic wp-block-visual-link-preview-link\"><a href=\"https:\/\/www.telemundopr.com\/noticias\/puerto-rico\/el-alto-precio-de-la-moda-en-el-ambiente-llenos-los-vertederos-de-telas-que-podian-reciclarse\/2263444\/?fbclid=IwAR3HSYhO8i2hrzN0957NAiHalYRUqGD1R6JuBVG6V5y8An46hdVRQb4kYi0\" class=\"vlp-link\" title=\"El alto precio de la moda en el ambiente: llenos los vertederos de telas que pod\u00edan reciclarse\" rel=\"nofollow\" target=\"_blank\"><\/a><div class=\"vlp-layout-zone-side\"><div class=\"vlp-block-2 vlp-link-image\"><img decoding=\"async\" src=\"https:\/\/media.telemundopr.com\/2021\/09\/12416968056-1080pnbcstations.jpg?quality=85&amp;strip=all&amp;resize=1200%2C675\" style=\"max-width: 150px; max-height: 150px\" \/><\/div><\/div><div class=\"vlp-layout-zone-main\"><div class=\"vlp-block-0 vlp-link-title\">El alto precio de la moda en el ambiente: llenos los vertederos de telas que pod\u00edan reciclarse<\/div><div class=\"vlp-block-1 vlp-link-summary\">Primera parte de la serie del Equipo T \u201cModa que contamina\u201d.<\/div><\/div><\/div>\n\n<div class=\"vlp-link-container vlp-layout-basic wp-block-visual-link-preview-link\"><a href=\"https:\/\/www.elnuevodia.com\/noticias\/locales\/videos\/acompanamos-una-brigada-de-recogido-de-reciclaje-en-san-juan-277048\/?fbclid=IwAR1CAVJF2Nqp-7ZJ5chx4Frmb4sNji9zn5wD9Eil_2-8Q3-nod2KPLgVrrE\" class=\"vlp-link\" title=\"Acompa\u00f1amos una brigada de recogido de reciclaje en San Juan\" rel=\"nofollow\" target=\"_blank\"><\/a><div class=\"vlp-layout-zone-side\"><div class=\"vlp-block-2 vlp-link-image\"><img decoding=\"async\" src=\"https:\/\/assets.gfrvideo.com\/end\/2022\/04\/22\/277048_acompanamos-una-brigada-de-reciclaje-en-su-labor-de-recogido\/still_355f2a9f4cee271276c977a74e90be95.jpg\" style=\"max-width: 150px; max-height: 150px\" \/><\/div><\/div><div class=\"vlp-layout-zone-main\"><div class=\"vlp-block-0 vlp-link-title\">Acompa\u00f1amos una brigada de recogido de reciclaje en San Juan<\/div><div class=\"vlp-block-1 vlp-link-summary\">La compa\u00f1\u00eda ConWaste explica su labor y hace un importante llamado a la ciudadan\u00eda.<\/div><\/div><\/div>\n\n\n\t\t<div class=\"container eb_block_container\">\n\t\t\t<div id=\"eb_container_pVCh5jLpudWkB1eOffjo\" class=\"\">\n\t\t\t\t\n\n<p><\/p>\n\n\t\t\t<\/div>\n\t\t<\/div>\n\n\t\t<style>\n\t\t\t\n\t\t\t#eb_container_pVCh5jLpudWkB1eOffjo {\n\t\t\t\tpadding-top: 80px;\n\t\t\t\tpadding-bottom: 40px;\n\t\t\t\tpadding-left: 0px;\n\t\t\t\tpadding-right: 0px;\n\t\t\t}\n\n\t\t\t@media (min-width: 768px) and (max-width: 1024px) {\n  \n\t\t\t \t#eb_container_pVCh5jLpudWkB1eOffjo {\n\t\t\t\t\tpadding-top: 30px;\n\t\t\t\t\tpadding-bottom: 0px;\n\t\t\t\t\tpadding-left: 0px;\n\t\t\t\t\tpadding-right: 0px;\n\t\t\t\t}\n\t\t\t  \n\t\t\t}\n\n\t\t\t@media (min-width: 320px) and (max-width: 767px) {\n  \n\t\t\t\t#eb_container_pVCh5jLpudWkB1eOffjo {\n\t\t\t\t\tpadding-top: 20px;\n\t\t\t\t\tpadding-bottom: 0px;\n\t\t\t\t\tpadding-left: 0px;\n\t\t\t\t\tpadding-right: 0px;\n\t\t\t\t}\n\t\t\t  \n\t\t\t}\n\n\t\t<\/style>\n\n\t\t","protected":false},"excerpt":{"rendered":"<p>Noticias<\/p>\n","protected":false},"author":2,"featured_media":0,"parent":0,"menu_order":0,"comment_status":"closed","ping_status":"closed","template":"page-templates\/full-width.php","meta":{"_uag_custom_page_level_css":"","_monsterinsights_skip_tracking":false,"_monsterinsights_sitenote_active":false,"_monsterinsights_sitenote_note":"","_monsterinsights_sitenote_category":0,"footnotes":""},"class_list":["post-313","page","type-page","status-publish","hentry"],"uagb_featured_image_src":{"full":false,"thumbnail":false,"medium":false,"medium_large":false,"large":false,"elegant_blocks_team_1":false,"elegant_blocks_blog_1":false,"elegant_blocks_slider_1":false,"1536x1536":false,"2048x2048":false,"trp-custom-language-flag":false,"bizberg_medium":false,"bizberg_gallery":false,"bizberg_blog_list":false,"bizberg_detail_image":false,"bizberg_portfolio_homepage":false,"bizberg_blog_list_no_sidebar_1":false,"bizberg_detail_image_no_sidebar":false},"uagb_author_info":{"display_name":"jesparra","author_link":"https:\/\/www.conwastepr.com\/es\/author\/jesparra\/"},"uagb_comment_info":0,"uagb_excerpt":"Noticias","_links":{"self":[{"href":"https:\/\/www.conwastepr.com\/es\/wp-json\/wp\/v2\/pages\/313","targetHints":{"allow":["GET"]}}],"collection":[{"href":"https:\/\/www.conwastepr.com\/es\/wp-json\/wp\/v2\/pages"}],"about":[{"href":"https:\/\/www.conwastepr.com\/es\/wp-json\/wp\/v2\/types\/page"}],"author":[{"embeddable":true,"href":"https:\/\/www.conwastepr.com\/es\/wp-json\/wp\/v2\/users\/2"}],"replies":[{"embeddable":true,"href":"https:\/\/www.conwastepr.com\/es\/wp-json\/wp\/v2\/comments?post=313"}],"version-history":[{"count":21,"href":"https:\/\/www.conwastepr.com\/es\/wp-json\/wp\/v2\/pages\/313\/revisions"}],"predecessor-version":[{"id":1198,"href":"https:\/\/www.conwastepr.com\/es\/wp-json\/wp\/v2\/pages\/313\/revisions\/1198"}],"wp:attachment":[{"href":"https:\/\/www.conwastepr.com\/es\/wp-json\/wp\/v2\/media?parent=313"}],"curies":[{"name":"wp","href":"https:\/\/api.w.org\/{rel}","templated":true}]}}